{"id":2664,"date":"2021-03-11T18:36:22","date_gmt":"2021-03-11T17:36:22","guid":{"rendered":"http:\/\/demo.resortvillagemajer.si\/?page_id=2664"},"modified":"2026-04-28T12:30:24","modified_gmt":"2026-04-28T10:30:24","slug":"apartmaji-suite-glamping","status":"publish","type":"page","link":"https:\/\/www.resortvillagemajer.si\/de\/apartments-suiten-glamping\/","title":{"rendered":"Apartments, Suiten, Glamping &#8211; Kolpa, Bela Krajina"},"content":{"rendered":"[vc_row type=&#8220;in_container&#8220; full_screen_row_position=&#8220;middle&#8220; column_margin=&#8220;default&#8220; column_direction=&#8220;default&#8220; column_direction_tablet=&#8220;default&#8220; column_direction_phone=&#8220;default&#8220; scene_position=&#8220;center&#8220; bottom_padding=&#8220;50&#8243; bottom_padding_phone=&#8220;0&#8243; text_color=&#8220;dark&#8220; text_align=&#8220;left&#8220; row_border_radius=&#8220;none&#8220; row_border_radius_applies=&#8220;bg&#8220; overflow=&#8220;visible&#8220; overlay_strength=&#8220;0.3&#8243; gradient_direction=&#8220;left_to_right&#8220; shape_divider_position=&#8220;bottom&#8220; bg_image_animation=&#8220;none&#8220; shape_type=&#8220;&#8220;][vc_column column_padding=&#8220;no-extra-padding&#8220; column_padding_tablet=&#8220;inherit&#8220; column_padding_phone=&#8220;inherit&#8220; column_padding_position=&#8220;all&#8220; column_element_spacing=&#8220;default&#8220; background_color_opacity=&#8220;1&#8243; background_hover_color_opacity=&#8220;1&#8243; column_shadow=&#8220;none&#8220; column_border_radius=&#8220;none&#8220; column_link_target=&#8220;_self&#8220; column_position=&#8220;default&#8220; gradient_direction=&#8220;left_to_right&#8220; overlay_strength=&#8220;0.3&#8243; width=&#8220;1\/1&#8243; tablet_width_inherit=&#8220;default&#8220; tablet_text_alignment=&#8220;default&#8220; phone_text_alignment=&#8220;default&#8220; animation_type=&#8220;default&#8220; bg_image_animation=&#8220;none&#8220; border_type=&#8220;simple&#8220; column_border_width=&#8220;none&#8220; column_border_style=&#8220;solid&#8220;][vc_column_text]\n<p data-start=\"2655\" data-end=\"2923\">Im ehemaligen Schloss Krasinec haben wir Apartments und Suiten eingerichtet, die sich in unmittelbarer N\u00e4he des Anwesens Majer befinden, wo sich auch 8 prestigetr\u00e4chtige Glamping-H\u00e4user befinden. Alle G\u00e4ste k\u00f6nnen die zus\u00e4tzlichen Einrichtungen des Anwesens Majer nutzen:<\/p>\n<ul>\n<li data-start=\"2925\" data-end=\"3138\">SPA mit Sauna und Jacuzzi,<\/li>\n<li data-start=\"2925\" data-end=\"3138\">Massagebereich,<\/li>\n<li data-start=\"2925\" data-end=\"3138\">Au\u00dfenpool,<\/li>\n<li data-start=\"2925\" data-end=\"3138\">Outdoor-Fitness-Trimmpfad,<\/li>\n<li data-start=\"2925\" data-end=\"3138\">Kinderspielplatz,<\/li>\n<li data-start=\"2925\" data-end=\"3138\">Ruhezonen,<\/li>\n<li data-start=\"2925\" data-end=\"3138\">Multi-Golf-Anlage,<\/li>\n<li data-start=\"2925\" data-end=\"3138\">privater Weinkeller,<\/li>\n<li data-start=\"2925\" data-end=\"3138\">multifunktionaler Heustadel.<\/li>\n<\/ul>\n<p data-start=\"3140\" data-end=\"3353\"><strong>Drei Maisonette-Apartments<\/strong> verf\u00fcgen \u00fcber private Terrassen, ein Schlafzimmer im Obergeschoss und zus\u00e4tzliche Schlafm\u00f6glichkeiten im Erdgeschoss. Jede Einheit bietet komfortable Unterbringung f\u00fcr bis zu 4 Personen.<\/p>\n<p data-start=\"3355\" data-end=\"3546\"><strong>Drei modern ausgestattete Suiten<\/strong> im Dachgeschoss sind durch einen gemeinsamen Flur zum Entspannen und Verweilen verbunden. Jede Einheit bietet komfortable Unterbringung f\u00fcr bis zu 4 Personen.<\/p>\n<ul>\n<li data-start=\"3548\" data-end=\"3806\">kostenloses WLAN,<\/li>\n<li data-start=\"3548\" data-end=\"3806\">Klimaanlage,<\/li>\n<li data-start=\"3548\" data-end=\"3806\">kostenlose Privatparkpl\u00e4tze,<\/li>\n<li data-start=\"3548\" data-end=\"3806\">Flachbildfernseher,<\/li>\n<li data-start=\"3548\" data-end=\"3806\">privates Badezimmer,<\/li>\n<li data-start=\"3548\" data-end=\"3806\">gro\u00dfe Terrasse (Apartments),<\/li>\n<li data-start=\"3548\" data-end=\"3806\">K\u00fcche mit K\u00fchlschrank, Geschirrsp\u00fcler und Backofen (Apartments),<\/li>\n<li data-start=\"3548\" data-end=\"3806\">Wohnbereich mit zus\u00e4tzlicher Schlafgelegenheit.<\/li>\n<\/ul>\n<p data-start=\"3808\" data-end=\"4112\">Ein Babybett und\/oder ein Hochstuhl k\u00f6nnen ebenfalls ausgeliehen werden. Wir empfehlen auch unsere Fr\u00fchst\u00fccke, bei denen es nie an hausgemachten K\u00f6stlichkeiten vom Bauernhof Hlebec mangelt. In der Bar im Erdgeschoss steht eine ausgezeichnete Auswahl an lokalen Weinen und anderen Getr\u00e4nken zur Verf\u00fcgung.<\/p>\n[\/vc_column_text][vc_gallery type=&#8220;flickity_static_height_style&#8220; images=&#8220;4650,6691,6703,4880,6695,7795,7351,7247,7791,7271,7323,6707,7335,7371,7383,7227,7267,7259,7299&#8243; flickity_spacing=&#8220;default&#8220; flickity_controls=&#8220;pagination&#8220; flickity_overflow=&#8220;hidden&#8220; flickity_wrap_around=&#8220;wrap&#8220; flickity_box_shadow=&#8220;none&#8220; image_loading=&#8220;default&#8220; onclick=&#8220;link_image&#8220; flickity_img_height=&#8220;300&#8243;][\/vc_column][\/vc_row][vc_row type=&#8220;full_width_background&#8220; full_screen_row_position=&#8220;middle&#8220; column_margin=&#8220;default&#8220; column_direction=&#8220;default&#8220; column_direction_tablet=&#8220;default&#8220; column_direction_phone=&#8220;default&#8220; bg_color=&#8220;#3a3a3a&#8220; scene_position=&#8220;center&#8220; top_padding=&#8220;80&#8243; bottom_padding=&#8220;90&#8243; constrain_group_3=&#8220;yes&#8220; top_padding_phone=&#8220;40&#8243; bottom_padding_phone=&#8220;45&#8243; text_color=&#8220;light&#8220; text_align=&#8220;left&#8220; row_border_radius=&#8220;none&#8220; row_border_radius_applies=&#8220;bg&#8220; overflow=&#8220;visible&#8220; overlay_strength=&#8220;0.8&#8243; gradient_direction=&#8220;left_to_right&#8220; shape_divider_position=&#8220;bottom&#8220; bg_image_animation=&#8220;none&#8220; shape_type=&#8220;&#8220;][vc_column column_padding=&#8220;no-extra-padding&#8220; column_padding_tablet=&#8220;inherit&#8220; column_padding_phone=&#8220;inherit&#8220; column_padding_position=&#8220;all&#8220; column_element_spacing=&#8220;default&#8220; background_color_opacity=&#8220;1&#8243; background_hover_color_opacity=&#8220;1&#8243; column_shadow=&#8220;none&#8220; column_border_radius=&#8220;none&#8220; column_link_target=&#8220;_self&#8220; column_position=&#8220;default&#8220; gradient_direction=&#8220;left_to_right&#8220; overlay_strength=&#8220;0.3&#8243; width=&#8220;1\/1&#8243; tablet_width_inherit=&#8220;default&#8220; tablet_text_alignment=&#8220;default&#8220; phone_text_alignment=&#8220;default&#8220; animation_type=&#8220;default&#8220; bg_image_animation=&#8220;none&#8220; border_type=&#8220;simple&#8220; column_border_width=&#8220;none&#8220; column_border_style=&#8220;solid&#8220;][divider line_type=&#8220;No Line&#8220; custom_height=&#8220;50&#8243; custom_height_phone=&#8220;10&#8243;][vc_row_inner column_margin=&#8220;90px&#8220; column_direction=&#8220;default&#8220; column_direction_tablet=&#8220;default&#8220; column_direction_phone=&#8220;default&#8220; text_align=&#8220;left&#8220; row_position=&#8220;default&#8220; row_position_tablet=&#8220;inherit&#8220; row_position_phone=&#8220;inherit&#8220; overflow=&#8220;visible&#8220; pointer_events=&#8220;all&#8220; el_id=&#8220;rezerviraj-apartma&#8220;][vc_column_inner column_padding=&#8220;no-extra-padding&#8220; column_padding_tablet=&#8220;inherit&#8220; column_padding_phone=&#8220;inherit&#8220; column_padding_position=&#8220;all&#8220; column_element_spacing=&#8220;default&#8220; background_color_opacity=&#8220;1&#8243; background_hover_color_opacity=&#8220;1&#8243; column_shadow=&#8220;none&#8220; column_border_radius=&#8220;none&#8220; column_link_target=&#8220;_self&#8220; gradient_direction=&#8220;left_to_right&#8220; overlay_strength=&#8220;0.3&#8243; width=&#8220;1\/3&#8243; tablet_width_inherit=&#8220;default&#8220; animation_type=&#8220;default&#8220; bg_image_animation=&#8220;none&#8220; border_type=&#8220;simple&#8220; column_border_width=&#8220;none&#8220; column_border_style=&#8220;solid&#8220;][vc_custom_heading text=&#8220;Apartma 1&#8243; font_container=&#8220;tag:h3|text_align:left&#8220; use_theme_fonts=&#8220;yes&#8220; css=&#8220;.vc_custom_1755760077513{margin-bottom: 0px !important;}&#8220;][vc_custom_heading text=&#8220;Purgstall&#8220; font_container=&#8220;tag:h5|text_align:left&#8220; use_theme_fonts=&#8220;yes&#8220;][vc_gallery type=&#8220;flickity_static_height_style&#8220; images=&#8220;7243,4489,7247,6650,7211,4501,4504,7239,7387,7235,4498,7255,7227,7223,7219,7375&#8243; flickity_spacing=&#8220;default&#8220; flickity_controls=&#8220;pagination&#8220; flickity_overflow=&#8220;hidden&#8220; flickity_wrap_around=&#8220;no-wrap&#8220; flickity_box_shadow=&#8220;none&#8220; image_loading=&#8220;default&#8220; onclick=&#8220;link_image&#8220; flickity_img_height=&#8220;300&#8243;][divider line_type=&#8220;No Line&#8220; custom_height=&#8220;75&#8243; custom_height_phone=&#8220;45&#8243;][nectar_cta btn_style=&#8220;see-through&#8220; heading_tag=&#8220;h6&#8243; text_color=&#8220;#3a3a3a&#8220; button_color=&#8220;white&#8220; button_border_thickness=&#8220;0px&#8220; link_type=&#8220;regular&#8220; alignment=&#8220;center&#8220; alignment_tablet=&#8220;default&#8220; alignment_phone=&#8220;default&#8220; constrain_group_3=&#8220;yes&#8220; constrain_group_4=&#8220;yes&#8220; display=&#8220;block&#8220; display_tablet=&#8220;inherit&#8220; display_phone=&#8220;inherit&#8220; link_text=&#8220;Reservierung&#8220; url=&#8220;\/de\/unterkuenfte\/appartement-purgstall\/&#8220; padding_top=&#8220;15&#8243; padding_bottom=&#8220;15&#8243; padding_left=&#8220;25&#8243; padding_right=&#8220;25&#8243;][\/vc_column_inner][vc_column_inner column_padding=&#8220;no-extra-padding&#8220; column_padding_tablet=&#8220;inherit&#8220; column_padding_phone=&#8220;inherit&#8220; column_padding_position=&#8220;all&#8220; column_element_spacing=&#8220;default&#8220; background_color_opacity=&#8220;1&#8243; background_hover_color_opacity=&#8220;1&#8243; column_shadow=&#8220;none&#8220; column_border_radius=&#8220;none&#8220; column_link_target=&#8220;_self&#8220; gradient_direction=&#8220;left_to_right&#8220; overlay_strength=&#8220;0.3&#8243; width=&#8220;1\/3&#8243; tablet_width_inherit=&#8220;default&#8220; animation_type=&#8220;default&#8220; bg_image_animation=&#8220;none&#8220; border_type=&#8220;simple&#8220; column_border_width=&#8220;none&#8220; column_border_style=&#8220;solid&#8220;][vc_custom_heading text=&#8220;Apartma 2&#8243; font_container=&#8220;tag:h3|text_align:left&#8220; use_theme_fonts=&#8220;yes&#8220; css=&#8220;.vc_custom_1755760102264{margin-bottom: 0px !important;}&#8220;][vc_custom_heading text=&#8220;Schnitzenbaum&#8220; font_container=&#8220;tag:h5|text_align:left&#8220; use_theme_fonts=&#8220;yes&#8220;][vc_gallery type=&#8220;flickity_static_height_style&#8220; images=&#8220;4520,4514,4538,6475,7215,4523,7351,4526,4529,4517,7363,7347,7291,7251&#8243; flickity_spacing=&#8220;default&#8220; flickity_controls=&#8220;pagination&#8220; flickity_overflow=&#8220;hidden&#8220; flickity_wrap_around=&#8220;no-wrap&#8220; flickity_box_shadow=&#8220;none&#8220; image_loading=&#8220;default&#8220; onclick=&#8220;link_image&#8220; flickity_img_height=&#8220;300&#8243;][divider line_type=&#8220;No Line&#8220; custom_height=&#8220;75&#8243; custom_height_phone=&#8220;45&#8243;][nectar_cta btn_style=&#8220;see-through&#8220; heading_tag=&#8220;h6&#8243; text_color=&#8220;#3a3a3a&#8220; button_color=&#8220;white&#8220; button_border_thickness=&#8220;0px&#8220; link_type=&#8220;regular&#8220; alignment=&#8220;center&#8220; alignment_tablet=&#8220;default&#8220; alignment_phone=&#8220;default&#8220; constrain_group_3=&#8220;yes&#8220; constrain_group_4=&#8220;yes&#8220; display=&#8220;block&#8220; display_tablet=&#8220;inherit&#8220; display_phone=&#8220;inherit&#8220; link_text=&#8220;Reservierung&#8220; url=&#8220;\/de\/unterkuenfte\/appartement-schnitzenbaum\/&#8220; padding_top=&#8220;15&#8243; padding_bottom=&#8220;15&#8243; padding_left=&#8220;25&#8243; padding_right=&#8220;25&#8243;][\/vc_column_inner][vc_column_inner column_padding=&#8220;no-extra-padding&#8220; column_padding_tablet=&#8220;inherit&#8220; column_padding_phone=&#8220;inherit&#8220; column_padding_position=&#8220;all&#8220; column_element_spacing=&#8220;default&#8220; background_color_opacity=&#8220;1&#8243; background_hover_color_opacity=&#8220;1&#8243; column_shadow=&#8220;none&#8220; column_border_radius=&#8220;none&#8220; column_link_target=&#8220;_self&#8220; gradient_direction=&#8220;left_to_right&#8220; overlay_strength=&#8220;0.3&#8243; width=&#8220;1\/3&#8243; tablet_width_inherit=&#8220;default&#8220; animation_type=&#8220;default&#8220; bg_image_animation=&#8220;none&#8220; border_type=&#8220;simple&#8220; column_border_width=&#8220;none&#8220; column_border_style=&#8220;solid&#8220;][vc_custom_heading text=&#8220;Apartma 3&#8243; font_container=&#8220;tag:h3|text_align:left&#8220; use_theme_fonts=&#8220;yes&#8220; css=&#8220;.vc_custom_1755760120648{margin-bottom: 0px !important;}&#8220;][vc_custom_heading text=&#8220;Hohenwart&#8220; font_container=&#8220;tag:h5|text_align:left&#8220; use_theme_fonts=&#8220;yes&#8220;][vc_gallery type=&#8220;flickity_static_height_style&#8220; images=&#8220;7227,7387,7239,4551,4554,4557,7255,7211,4542,7251,4560,4566,7215,4548,7231,7235,7243,7247,7223,7267&#8243; flickity_spacing=&#8220;default&#8220; flickity_controls=&#8220;pagination&#8220; flickity_overflow=&#8220;hidden&#8220; flickity_wrap_around=&#8220;no-wrap&#8220; flickity_box_shadow=&#8220;none&#8220; image_loading=&#8220;default&#8220; onclick=&#8220;link_image&#8220; flickity_img_height=&#8220;300&#8243;][divider line_type=&#8220;No Line&#8220; custom_height=&#8220;75&#8243; custom_height_phone=&#8220;45&#8243;][nectar_cta btn_style=&#8220;see-through&#8220; heading_tag=&#8220;h6&#8243; text_color=&#8220;#3a3a3a&#8220; button_color=&#8220;white&#8220; button_border_thickness=&#8220;0px&#8220; link_type=&#8220;regular&#8220; alignment=&#8220;center&#8220; alignment_tablet=&#8220;default&#8220; alignment_phone=&#8220;default&#8220; constrain_group_3=&#8220;yes&#8220; constrain_group_4=&#8220;yes&#8220; display=&#8220;block&#8220; display_tablet=&#8220;inherit&#8220; display_phone=&#8220;inherit&#8220; link_text=&#8220;Reservierung&#8220; url=&#8220;\/de\/unterkuenfte\/appartement-hohenwart\/&#8220; padding_top=&#8220;15&#8243; padding_bottom=&#8220;15&#8243; padding_left=&#8220;25&#8243; padding_right=&#8220;25&#8243;][\/vc_column_inner][\/vc_row_inner][divider line_type=&#8220;No Line&#8220; custom_height=&#8220;100&#8243; custom_height_phone=&#8220;50&#8243;][\/vc_column][\/vc_row][vc_row type=&#8220;full_width_background&#8220; full_screen_row_position=&#8220;middle&#8220; column_margin=&#8220;default&#8220; column_direction=&#8220;default&#8220; column_direction_tablet=&#8220;default&#8220; column_direction_phone=&#8220;default&#8220; scene_position=&#8220;center&#8220; top_padding=&#8220;80&#8243; bottom_padding=&#8220;90&#8243; top_padding_phone=&#8220;40&#8243; bottom_padding_phone=&#8220;45&#8243; text_color=&#8220;dark&#8220; text_align=&#8220;left&#8220; row_border_radius=&#8220;none&#8220; row_border_radius_applies=&#8220;bg&#8220; overflow=&#8220;visible&#8220; overlay_strength=&#8220;0.8&#8243; gradient_direction=&#8220;left_to_right&#8220; shape_divider_position=&#8220;bottom&#8220; bg_image_animation=&#8220;none&#8220; shape_type=&#8220;&#8220;][vc_column column_padding=&#8220;no-extra-padding&#8220; column_padding_tablet=&#8220;inherit&#8220; column_padding_phone=&#8220;inherit&#8220; column_padding_position=&#8220;all&#8220; column_element_spacing=&#8220;default&#8220; background_color_opacity=&#8220;1&#8243; background_hover_color_opacity=&#8220;1&#8243; column_shadow=&#8220;none&#8220; column_border_radius=&#8220;none&#8220; column_link_target=&#8220;_self&#8220; column_position=&#8220;default&#8220; gradient_direction=&#8220;left_to_right&#8220; overlay_strength=&#8220;0.3&#8243; width=&#8220;1\/1&#8243; tablet_width_inherit=&#8220;default&#8220; tablet_text_alignment=&#8220;default&#8220; phone_text_alignment=&#8220;default&#8220; animation_type=&#8220;default&#8220; bg_image_animation=&#8220;none&#8220; border_type=&#8220;simple&#8220; column_border_width=&#8220;none&#8220; column_border_style=&#8220;solid&#8220;][divider line_type=&#8220;No Line&#8220; custom_height=&#8220;50&#8243; custom_height_phone=&#8220;10&#8243;][vc_row_inner column_margin=&#8220;90px&#8220; column_direction=&#8220;default&#8220; column_direction_tablet=&#8220;default&#8220; column_direction_phone=&#8220;default&#8220; text_align=&#8220;left&#8220; row_position=&#8220;default&#8220; row_position_tablet=&#8220;inherit&#8220; row_position_phone=&#8220;inherit&#8220; overflow=&#8220;visible&#8220; pointer_events=&#8220;all&#8220; el_id=&#8220;rezerviraj-sobo&#8220;][vc_column_inner column_padding=&#8220;no-extra-padding&#8220; column_padding_tablet=&#8220;inherit&#8220; column_padding_phone=&#8220;inherit&#8220; column_padding_position=&#8220;all&#8220; column_element_spacing=&#8220;default&#8220; background_color_opacity=&#8220;1&#8243; background_hover_color_opacity=&#8220;1&#8243; column_shadow=&#8220;none&#8220; column_border_radius=&#8220;none&#8220; column_link_target=&#8220;_self&#8220; gradient_direction=&#8220;left_to_right&#8220; overlay_strength=&#8220;0.3&#8243; width=&#8220;1\/3&#8243; tablet_width_inherit=&#8220;default&#8220; animation_type=&#8220;default&#8220; bg_image_animation=&#8220;none&#8220; border_type=&#8220;simple&#8220; column_border_width=&#8220;none&#8220; column_border_style=&#8220;solid&#8220;][vc_custom_heading text=&#8220;Suite 1&#8243; font_container=&#8220;tag:h3|text_align:left&#8220; use_theme_fonts=&#8220;yes&#8220; css=&#8220;.vc_custom_1773855188236{margin-bottom: 0px !important;}&#8220;][vc_custom_heading text=&#8220;Lichtenberg&#8220; font_container=&#8220;tag:h5|text_align:left&#8220; use_theme_fonts=&#8220;yes&#8220;][vc_gallery type=&#8220;flickity_static_height_style&#8220; images=&#8220;7351,7335,4570,7319,4576,4579,7331,7347,7375,7279,7283,7391&#8243; flickity_spacing=&#8220;default&#8220; flickity_controls=&#8220;pagination&#8220; flickity_overflow=&#8220;hidden&#8220; flickity_wrap_around=&#8220;no-wrap&#8220; flickity_box_shadow=&#8220;none&#8220; image_loading=&#8220;default&#8220; onclick=&#8220;link_image&#8220; flickity_img_height=&#8220;300&#8243;][divider line_type=&#8220;No Line&#8220; custom_height=&#8220;75&#8243; custom_height_phone=&#8220;45&#8243;][nectar_cta btn_style=&#8220;see-through&#8220; heading_tag=&#8220;h6&#8243; text_color=&#8220;#3a3a3a&#8220; button_color=&#8220;white&#8220; button_border_thickness=&#8220;0px&#8220; link_type=&#8220;regular&#8220; alignment=&#8220;center&#8220; alignment_tablet=&#8220;default&#8220; alignment_phone=&#8220;default&#8220; constrain_group_3=&#8220;yes&#8220; constrain_group_4=&#8220;yes&#8220; display=&#8220;block&#8220; display_tablet=&#8220;inherit&#8220; display_phone=&#8220;inherit&#8220; link_text=&#8220;Reservierung&#8220; url=&#8220;\/de\/unterkuenfte\/suite-lichtenberg\/&#8220; padding_top=&#8220;15&#8243; padding_bottom=&#8220;15&#8243; padding_left=&#8220;25&#8243; padding_right=&#8220;25&#8243;][\/vc_column_inner][vc_column_inner column_padding=&#8220;no-extra-padding&#8220; column_padding_tablet=&#8220;inherit&#8220; column_padding_phone=&#8220;inherit&#8220; column_padding_position=&#8220;all&#8220; column_element_spacing=&#8220;default&#8220; background_color_opacity=&#8220;1&#8243; background_hover_color_opacity=&#8220;1&#8243; column_shadow=&#8220;none&#8220; column_border_radius=&#8220;none&#8220; column_link_target=&#8220;_self&#8220; gradient_direction=&#8220;left_to_right&#8220; overlay_strength=&#8220;0.3&#8243; width=&#8220;1\/3&#8243; tablet_width_inherit=&#8220;default&#8220; animation_type=&#8220;default&#8220; bg_image_animation=&#8220;none&#8220; border_type=&#8220;simple&#8220; column_border_width=&#8220;none&#8220; column_border_style=&#8220;solid&#8220;][vc_custom_heading text=&#8220;Suite 2&#8243; font_container=&#8220;tag:h3|text_align:left&#8220; use_theme_fonts=&#8220;yes&#8220; css=&#8220;.vc_custom_1773855267737{margin-bottom: 0px !important;}&#8220;][vc_custom_heading text=&#8220;Lenkovi\u010d&#8220; font_container=&#8220;tag:h5|text_align:left&#8220; use_theme_fonts=&#8220;yes&#8220;][vc_gallery type=&#8220;flickity_static_height_style&#8220; images=&#8220;7287,4583,7347,4586,7335,7291,7351,4589,4595,7295,6487,7363,7359,7375,7279&#8243; flickity_spacing=&#8220;default&#8220; flickity_controls=&#8220;pagination&#8220; flickity_overflow=&#8220;hidden&#8220; flickity_wrap_around=&#8220;no-wrap&#8220; flickity_box_shadow=&#8220;none&#8220; image_loading=&#8220;default&#8220; onclick=&#8220;link_image&#8220; flickity_img_height=&#8220;300&#8243;][divider line_type=&#8220;No Line&#8220; custom_height=&#8220;75&#8243; custom_height_phone=&#8220;45&#8243;][nectar_cta btn_style=&#8220;see-through&#8220; heading_tag=&#8220;h6&#8243; text_color=&#8220;#3a3a3a&#8220; button_color=&#8220;white&#8220; button_border_thickness=&#8220;0px&#8220; link_type=&#8220;regular&#8220; alignment=&#8220;center&#8220; alignment_tablet=&#8220;default&#8220; alignment_phone=&#8220;default&#8220; constrain_group_3=&#8220;yes&#8220; constrain_group_4=&#8220;yes&#8220; display=&#8220;block&#8220; display_tablet=&#8220;inherit&#8220; display_phone=&#8220;inherit&#8220; link_text=&#8220;Reservierung&#8220; url=&#8220;\/de\/unterkuenfte\/suite-lenkovic\/&#8220; padding_top=&#8220;15&#8243; padding_bottom=&#8220;15&#8243; padding_left=&#8220;25&#8243; padding_right=&#8220;25&#8243;][\/vc_column_inner][vc_column_inner column_padding=&#8220;no-extra-padding&#8220; column_padding_tablet=&#8220;inherit&#8220; column_padding_phone=&#8220;inherit&#8220; column_padding_position=&#8220;all&#8220; column_element_spacing=&#8220;default&#8220; background_color_opacity=&#8220;1&#8243; background_hover_color_opacity=&#8220;1&#8243; column_shadow=&#8220;none&#8220; column_border_radius=&#8220;none&#8220; column_link_target=&#8220;_self&#8220; gradient_direction=&#8220;left_to_right&#8220; overlay_strength=&#8220;0.3&#8243; width=&#8220;1\/3&#8243; tablet_width_inherit=&#8220;default&#8220; animation_type=&#8220;default&#8220; bg_image_animation=&#8220;none&#8220; border_type=&#8220;simple&#8220; column_border_width=&#8220;none&#8220; column_border_style=&#8220;solid&#8220;][vc_custom_heading text=&#8220;Suite 3&#8243; font_container=&#8220;tag:h3|text_align:left&#8220; use_theme_fonts=&#8220;yes&#8220; css=&#8220;.vc_custom_1773855262341{margin-bottom: 0px !important;}&#8220;][vc_custom_heading text=&#8220;Semeni\u010d&#8220; font_container=&#8220;tag:h5|text_align:left&#8220; use_theme_fonts=&#8220;yes&#8220;][vc_gallery type=&#8220;flickity_static_height_style&#8220; images=&#8220;7299,7375,4608,7347,4611,7287,7271,7327,7303,7315,7319,7311,7307,7291,7295,7323&#8243; flickity_spacing=&#8220;default&#8220; flickity_controls=&#8220;pagination&#8220; flickity_overflow=&#8220;hidden&#8220; flickity_wrap_around=&#8220;no-wrap&#8220; flickity_box_shadow=&#8220;none&#8220; image_loading=&#8220;default&#8220; onclick=&#8220;link_image&#8220; flickity_img_height=&#8220;300&#8243;][divider line_type=&#8220;No Line&#8220; custom_height=&#8220;75&#8243; custom_height_phone=&#8220;45&#8243;][nectar_cta btn_style=&#8220;see-through&#8220; heading_tag=&#8220;h6&#8243; text_color=&#8220;#3a3a3a&#8220; button_color=&#8220;white&#8220; button_border_thickness=&#8220;0px&#8220; link_type=&#8220;regular&#8220; alignment=&#8220;center&#8220; alignment_tablet=&#8220;default&#8220; alignment_phone=&#8220;default&#8220; constrain_group_3=&#8220;yes&#8220; constrain_group_4=&#8220;yes&#8220; display=&#8220;block&#8220; display_tablet=&#8220;inherit&#8220; display_phone=&#8220;inherit&#8220; link_text=&#8220;Reservierung&#8220; url=&#8220;\/de\/unterkuenfte\/suite-semenic\/&#8220; padding_top=&#8220;15&#8243; padding_bottom=&#8220;15&#8243; padding_left=&#8220;25&#8243; padding_right=&#8220;25&#8243;][\/vc_column_inner][\/vc_row_inner][divider line_type=&#8220;No Line&#8220; custom_height=&#8220;100&#8243; custom_height_phone=&#8220;50&#8243;]<div data-post-id=\"3998\" class=\"insert-page insert-page-3998 \"><style type=\"text\/css\" data-type=\"vc_shortcodes-custom-css\">.vc_custom_1655815666157{margin-top: 50px !important;}<\/style>[vc_row type=&#8220;full_width_background&#8220; full_screen_row_position=&#8220;middle&#8220; column_margin=&#8220;default&#8220; column_direction=&#8220;default&#8220; column_direction_tablet=&#8220;default&#8220; column_direction_phone=&#8220;default&#8220; scene_position=&#8220;center&#8220; top_padding_phone=&#8220;40&#8243; bottom_padding_phone=&#8220;45&#8243; text_color=&#8220;dark&#8220; text_align=&#8220;left&#8220; row_border_radius=&#8220;none&#8220; row_border_radius_applies=&#8220;bg&#8220; overflow=&#8220;visible&#8220; advanced_gradient_angle=&#8220;0&#8243; overlay_strength=&#8220;0.8&#8243; gradient_direction=&#8220;left_to_right&#8220; shape_divider_position=&#8220;bottom&#8220; bg_image_animation=&#8220;none&#8220; shape_type=&#8220;&#8220; gradient_type=&#8220;default&#8220;][vc_column column_padding=&#8220;no-extra-padding&#8220; column_padding_tablet=&#8220;inherit&#8220; column_padding_phone=&#8220;inherit&#8220; column_padding_position=&#8220;all&#8220; column_element_spacing=&#8220;default&#8220; background_color_opacity=&#8220;1&#8243; background_hover_color_opacity=&#8220;1&#8243; column_shadow=&#8220;none&#8220; column_border_radius=&#8220;none&#8220; column_link_target=&#8220;_self&#8220; column_position=&#8220;default&#8220; gradient_direction=&#8220;left_to_right&#8220; overlay_strength=&#8220;0.3&#8243; width=&#8220;1\/1&#8243; tablet_width_inherit=&#8220;default&#8220; tablet_text_alignment=&#8220;default&#8220; phone_text_alignment=&#8220;default&#8220; animation_type=&#8220;default&#8220; bg_image_animation=&#8220;none&#8220; border_type=&#8220;simple&#8220; column_border_width=&#8220;none&#8220; column_border_style=&#8220;solid&#8220;][nectar_icon_list color=&#8220;default&#8220; direction=&#8220;horizontal&#8220; columns=&#8220;5&#8243; icon_size=&#8220;small&#8220; icon_style=&#8220;no-border&#8220;][nectar_icon_list_item icon_type=&#8220;icon&#8220; text_full_html=&#8220;simple&#8220; title=&#8220;List Item&#8220; id=&#8220;1678884660529-7&#8243; tab_id=&#8220;1678884660531-9&#8243; header=&#8220;Klima&#8220; icon_fontawesome=&#8220;fa fa-thermometer-half&#8220;][\/nectar_icon_list_item][nectar_icon_list_item icon_type=&#8220;icon&#8220; text_full_html=&#8220;simple&#8220; title=&#8220;List Item&#8220; id=&#8220;1678884660561-9&#8243; tab_id=&#8220;1678884660561-3&#8243; header=&#8220;TV&#8220; icon_fontawesome=&#8220;fa fa-television&#8220;] [\/nectar_icon_list_item][nectar_icon_list_item icon_type=&#8220;icon&#8220; text_full_html=&#8220;simple&#8220; title=&#8220;List Item&#8220; id=&#8220;1678884660570-1&#8243; tab_id=&#8220;1678884660571-7&#8243; header=&#8220;Dusche&#8220; icon_fontawesome=&#8220;fa fa-shower&#8220;][\/nectar_icon_list_item][nectar_icon_list_item icon_type=&#8220;icon&#8220; icon_family=&#8220;iconsmind&#8220; text_full_html=&#8220;simple&#8220; title=&#8220;List Item&#8220; id=&#8220;1678884660579-8&#8243; tab_id=&#8220;1678884660580-10&#8243; icon_iconsmind=&#8220;iconsmind-Car-3&#8243; header=&#8220;Parkplatz&#8220;][\/nectar_icon_list_item][nectar_icon_list_item icon_type=&#8220;icon&#8220; icon_family=&#8220;steadysets&#8220; text_full_html=&#8220;simple&#8220; title=&#8220;List Item&#8220; id=&#8220;1678884660589-5&#8243; tab_id=&#8220;1678884660589-2&#8243; header=&#8220;Kostenloses WLAN&#8220; icon_steadysets=&#8220;steadysets-icon-wifi-full&#8220;][\/nectar_icon_list_item][\/nectar_icon_list][vc_row_inner column_margin=&#8220;default&#8220; column_direction=&#8220;default&#8220; column_direction_tablet=&#8220;default&#8220; column_direction_phone=&#8220;default&#8220; text_align=&#8220;left&#8220; row_position=&#8220;default&#8220; row_position_tablet=&#8220;inherit&#8220; row_position_phone=&#8220;inherit&#8220; overflow=&#8220;visible&#8220; pointer_events=&#8220;all&#8220; css=&#8220;.vc_custom_1655815666157{margin-top: 50px !important;}&#8220;][vc_column_inner column_padding=&#8220;no-extra-padding&#8220; column_padding_tablet=&#8220;inherit&#8220; column_padding_phone=&#8220;inherit&#8220; column_padding_position=&#8220;all&#8220; column_element_spacing=&#8220;default&#8220; background_color_opacity=&#8220;1&#8243; background_hover_color_opacity=&#8220;1&#8243; column_shadow=&#8220;none&#8220; column_border_radius=&#8220;none&#8220; column_link_target=&#8220;_self&#8220; gradient_direction=&#8220;left_to_right&#8220; overlay_strength=&#8220;0.3&#8243; width=&#8220;1\/1&#8243; tablet_width_inherit=&#8220;default&#8220; animation_type=&#8220;default&#8220; bg_image_animation=&#8220;none&#8220; border_type=&#8220;simple&#8220; column_border_width=&#8220;none&#8220; column_border_style=&#8220;solid&#8220;][vc_column_text]<small>Sie k\u00f6nnen Ihre Reservierung bis 14 Tage vor Anreise kostenfrei stornieren. Die Vorauszahlung wird auf das Transaktionskonto des Gastes zur\u00fcckerstattet.<br \/>\nBei Stornierungen, die weniger als 14 Tage vor dem Ankunftsdatum eingehen, wird ein Betrag in H\u00f6he der Vorauszahlung berechnet.<br \/>\nBei Nichterscheinen wird ein Betrag in H\u00f6he der Vorauszahlung in Rechnung gestellt.<br \/>\nG\u00e4sten, die vor dem gebuchten Abreisedatum abreisen, werden die verbleibenden N\u00e4chte der urspr\u00fcnglich best\u00e4tigten Reservierung in Rechnung gestellt.<br \/>\nF\u00fcr Umbuchungsw\u00fcnsche (\u00c4nderung Datum, Personenzahl, Zimmerkategorie) gelten die zum Zeitpunkt des \u00c4nderungswunsches g\u00fcltigen Preise und Konditionen.<\/small>[\/vc_column_text][\/vc_column_inner][\/vc_row_inner][\/vc_column][\/vc_row]\n<\/div>[\/vc_column][\/vc_row]\n","protected":false},"excerpt":{"rendered":"<p>[vc_row type=&#8220;in_container&#8220; full_screen_row_position=&#8220;middle&#8220; column_margin=&#8220;default&#8220; column_direction=&#8220;default&#8220; column_direction_tablet=&#8220;default&#8220; column_direction_phone=&#8220;default&#8220; scene_position=&#8220;center&#8220; bottom_padding=&#8220;50&#8243; bottom_padding_phone=&#8220;0&#8243; text_color=&#8220;dark&#8220; text_align=&#8220;left&#8220; row_border_radius=&#8220;none&#8220; row_border_radius_applies=&#8220;bg&#8220; overflow=&#8220;visible&#8220; overlay_strength=&#8220;0.3&#8243; gradient_direction=&#8220;left_to_right&#8220; shape_divider_position=&#8220;bottom&#8220; bg_image_animation=&#8220;none&#8220; shape_type=&#8220;&#8220;][vc_column column_padding=&#8220;no-extra-padding&#8220; column_padding_tablet=&#8220;inherit&#8220; column_padding_phone=&#8220;inherit&#8220; column_padding_position=&#8220;all&#8220; column_element_spacing=&#8220;default&#8220; background_color_opacity=&#8220;1&#8243; background_hover_color_opacity=&#8220;1&#8243; column_shadow=&#8220;none&#8220; column_border_radius=&#8220;none&#8220; column_link_target=&#8220;_self&#8220;&#8230;<\/p>\n","protected":false},"author":1,"featured_media":0,"parent":0,"menu_order":1,"comment_status":"closed","ping_status":"closed","template":"","meta":{"footnotes":""},"class_list":["post-2664","page","type-page","status-publish"],"yoast_head":"<!-- This site is optimized with the Yoast SEO plugin v27.2 - https:\/\/yoast.com\/product\/yoast-seo-wordpress\/ -->\n<title>Apartments, Suiten, Glamping - Kolpa, Bela Krajina<\/title>\n<meta name=\"description\" content=\"Idili\u010dni Resort Village Majer ponuja glamping, suite in apartmaje ob Kolpi \u2013 u\u017eitek narave in udobja.\" \/>\n<meta name=\"robots\" content=\"index, follow, max-snippet:-1, max-image-preview:large, max-video-preview:-1\" \/>\n<link rel=\"canonical\" href=\"https:\/\/www.resortvillagemajer.si\/de\/apartments-suiten-glamping\/\" \/>\n<meta property=\"og:locale\" content=\"de_DE\" \/>\n<meta property=\"og:type\" content=\"article\" \/>\n<meta property=\"og:title\" content=\"Apartments, Suiten, Glamping - Kolpa, Bela Krajina\" \/>\n<meta property=\"og:description\" content=\"Idili\u010dni Resort Village Majer ponuja glamping, suite in apartmaje ob Kolpi \u2013 u\u017eitek narave in udobja.\" \/>\n<meta property=\"og:url\" content=\"https:\/\/www.resortvillagemajer.si\/de\/apartments-suiten-glamping\/\" \/>\n<meta property=\"og:site_name\" content=\"Resort Village Majer\" \/>\n<meta property=\"article:publisher\" content=\"https:\/\/www.facebook.com\/ResortVillageMajer\" \/>\n<meta property=\"article:modified_time\" content=\"2026-04-28T10:30:24+00:00\" \/>\n<meta property=\"og:image\" content=\"https:\/\/www.resortvillagemajer.si\/wp-content\/uploads\/2021\/03\/logo.230x185.pokoncen.png\" \/>\n\t<meta property=\"og:image:width\" content=\"230\" \/>\n\t<meta property=\"og:image:height\" content=\"185\" \/>\n\t<meta property=\"og:image:type\" content=\"image\/png\" \/>\n<meta name=\"twitter:card\" content=\"summary_large_image\" \/>\n<meta name=\"twitter:label1\" content=\"Gesch\u00e4tzte Lesezeit\" \/>\n\t<meta name=\"twitter:data1\" content=\"27\u00a0Minuten\" \/>\n<script type=\"application\/ld+json\" class=\"yoast-schema-graph\">{\"@context\":\"https:\/\/schema.org\",\"@graph\":[{\"@type\":\"WebPage\",\"@id\":\"https:\/\/www.resortvillagemajer.si\/de\/apartments-suiten-glamping\/\",\"url\":\"https:\/\/www.resortvillagemajer.si\/de\/apartments-suiten-glamping\/\",\"name\":\"Apartments, Suiten, Glamping - Kolpa, Bela Krajina\",\"isPartOf\":{\"@id\":\"https:\/\/www.resortvillagemajer.si\/de\/#website\"},\"datePublished\":\"2021-03-11T17:36:22+00:00\",\"dateModified\":\"2026-04-28T10:30:24+00:00\",\"description\":\"Idili\u010dni Resort Village Majer ponuja glamping, suite in apartmaje ob Kolpi \u2013 u\u017eitek narave in udobja.\",\"breadcrumb\":{\"@id\":\"https:\/\/www.resortvillagemajer.si\/de\/apartments-suiten-glamping\/#breadcrumb\"},\"inLanguage\":\"de\",\"potentialAction\":[{\"@type\":\"ReadAction\",\"target\":[\"https:\/\/www.resortvillagemajer.si\/de\/apartments-suiten-glamping\/\"]}]},{\"@type\":\"BreadcrumbList\",\"@id\":\"https:\/\/www.resortvillagemajer.si\/de\/apartments-suiten-glamping\/#breadcrumb\",\"itemListElement\":[{\"@type\":\"ListItem\",\"position\":1,\"name\":\"Sie suchten nach\",\"item\":\"https:\/\/www.resortvillagemajer.si\/de\/\"},{\"@type\":\"ListItem\",\"position\":2,\"name\":\"Apartments, Suiten, Glamping &#8211; Kolpa, Bela Krajina\"}]},{\"@type\":\"WebSite\",\"@id\":\"https:\/\/www.resortvillagemajer.si\/de\/#website\",\"url\":\"https:\/\/www.resortvillagemajer.si\/de\/\",\"name\":\"Resort Village Majer\",\"description\":\"Srce Bele krajine\",\"publisher\":{\"@id\":\"https:\/\/www.resortvillagemajer.si\/de\/#organization\"},\"potentialAction\":[{\"@type\":\"SearchAction\",\"target\":{\"@type\":\"EntryPoint\",\"urlTemplate\":\"https:\/\/www.resortvillagemajer.si\/de\/?s={search_term_string}\"},\"query-input\":{\"@type\":\"PropertyValueSpecification\",\"valueRequired\":true,\"valueName\":\"search_term_string\"}}],\"inLanguage\":\"de\"},{\"@type\":\"Organization\",\"@id\":\"https:\/\/www.resortvillagemajer.si\/de\/#organization\",\"name\":\"Resort Village Majer\",\"url\":\"https:\/\/www.resortvillagemajer.si\/de\/\",\"logo\":{\"@type\":\"ImageObject\",\"inLanguage\":\"de\",\"@id\":\"https:\/\/www.resortvillagemajer.si\/de\/#\/schema\/logo\/image\/\",\"url\":\"https:\/\/www.resortvillagemajer.si\/wp-content\/uploads\/2021\/03\/logo.230x185.pokoncen.png\",\"contentUrl\":\"https:\/\/www.resortvillagemajer.si\/wp-content\/uploads\/2021\/03\/logo.230x185.pokoncen.png\",\"width\":230,\"height\":185,\"caption\":\"Resort Village Majer\"},\"image\":{\"@id\":\"https:\/\/www.resortvillagemajer.si\/de\/#\/schema\/logo\/image\/\"},\"sameAs\":[\"https:\/\/www.facebook.com\/ResortVillageMajer\",\"https:\/\/www.instagram.com\/ResortVillageMajer\",\"https:\/\/www.tripadvisor.com\/ResortVillageMajer\"]}]}<\/script>\n<!-- \/ Yoast SEO plugin. -->","yoast_head_json":{"title":"Apartments, Suiten, Glamping - Kolpa, Bela Krajina","description":"Idili\u010dni Resort Village Majer ponuja glamping, suite in apartmaje ob Kolpi \u2013 u\u017eitek narave in udobja.","robots":{"index":"index","follow":"follow","max-snippet":"max-snippet:-1","max-image-preview":"max-image-preview:large","max-video-preview":"max-video-preview:-1"},"canonical":"https:\/\/www.resortvillagemajer.si\/de\/apartments-suiten-glamping\/","og_locale":"de_DE","og_type":"article","og_title":"Apartments, Suiten, Glamping - Kolpa, Bela Krajina","og_description":"Idili\u010dni Resort Village Majer ponuja glamping, suite in apartmaje ob Kolpi \u2013 u\u017eitek narave in udobja.","og_url":"https:\/\/www.resortvillagemajer.si\/de\/apartments-suiten-glamping\/","og_site_name":"Resort Village Majer","article_publisher":"https:\/\/www.facebook.com\/ResortVillageMajer","article_modified_time":"2026-04-28T10:30:24+00:00","og_image":[{"width":230,"height":185,"url":"https:\/\/www.resortvillagemajer.si\/wp-content\/uploads\/2021\/03\/logo.230x185.pokoncen.png","type":"image\/png"}],"twitter_card":"summary_large_image","twitter_misc":{"Gesch\u00e4tzte Lesezeit":"27\u00a0Minuten"},"schema":{"@context":"https:\/\/schema.org","@graph":[{"@type":"WebPage","@id":"https:\/\/www.resortvillagemajer.si\/de\/apartments-suiten-glamping\/","url":"https:\/\/www.resortvillagemajer.si\/de\/apartments-suiten-glamping\/","name":"Apartments, Suiten, Glamping - Kolpa, Bela Krajina","isPartOf":{"@id":"https:\/\/www.resortvillagemajer.si\/de\/#website"},"datePublished":"2021-03-11T17:36:22+00:00","dateModified":"2026-04-28T10:30:24+00:00","description":"Idili\u010dni Resort Village Majer ponuja glamping, suite in apartmaje ob Kolpi \u2013 u\u017eitek narave in udobja.","breadcrumb":{"@id":"https:\/\/www.resortvillagemajer.si\/de\/apartments-suiten-glamping\/#breadcrumb"},"inLanguage":"de","potentialAction":[{"@type":"ReadAction","target":["https:\/\/www.resortvillagemajer.si\/de\/apartments-suiten-glamping\/"]}]},{"@type":"BreadcrumbList","@id":"https:\/\/www.resortvillagemajer.si\/de\/apartments-suiten-glamping\/#breadcrumb","itemListElement":[{"@type":"ListItem","position":1,"name":"Sie suchten nach","item":"https:\/\/www.resortvillagemajer.si\/de\/"},{"@type":"ListItem","position":2,"name":"Apartments, Suiten, Glamping &#8211; Kolpa, Bela Krajina"}]},{"@type":"WebSite","@id":"https:\/\/www.resortvillagemajer.si\/de\/#website","url":"https:\/\/www.resortvillagemajer.si\/de\/","name":"Resort Village Majer","description":"Srce Bele krajine","publisher":{"@id":"https:\/\/www.resortvillagemajer.si\/de\/#organization"},"potentialAction":[{"@type":"SearchAction","target":{"@type":"EntryPoint","urlTemplate":"https:\/\/www.resortvillagemajer.si\/de\/?s={search_term_string}"},"query-input":{"@type":"PropertyValueSpecification","valueRequired":true,"valueName":"search_term_string"}}],"inLanguage":"de"},{"@type":"Organization","@id":"https:\/\/www.resortvillagemajer.si\/de\/#organization","name":"Resort Village Majer","url":"https:\/\/www.resortvillagemajer.si\/de\/","logo":{"@type":"ImageObject","inLanguage":"de","@id":"https:\/\/www.resortvillagemajer.si\/de\/#\/schema\/logo\/image\/","url":"https:\/\/www.resortvillagemajer.si\/wp-content\/uploads\/2021\/03\/logo.230x185.pokoncen.png","contentUrl":"https:\/\/www.resortvillagemajer.si\/wp-content\/uploads\/2021\/03\/logo.230x185.pokoncen.png","width":230,"height":185,"caption":"Resort Village Majer"},"image":{"@id":"https:\/\/www.resortvillagemajer.si\/de\/#\/schema\/logo\/image\/"},"sameAs":["https:\/\/www.facebook.com\/ResortVillageMajer","https:\/\/www.instagram.com\/ResortVillageMajer","https:\/\/www.tripadvisor.com\/ResortVillageMajer"]}]}},"_links":{"self":[{"href":"https:\/\/www.resortvillagemajer.si\/de\/wp-json\/wp\/v2\/pages\/2664","targetHints":{"allow":["GET"]}}],"collection":[{"href":"https:\/\/www.resortvillagemajer.si\/de\/wp-json\/wp\/v2\/pages"}],"about":[{"href":"https:\/\/www.resortvillagemajer.si\/de\/wp-json\/wp\/v2\/types\/page"}],"author":[{"embeddable":true,"href":"https:\/\/www.resortvillagemajer.si\/de\/wp-json\/wp\/v2\/users\/1"}],"replies":[{"embeddable":true,"href":"https:\/\/www.resortvillagemajer.si\/de\/wp-json\/wp\/v2\/comments?post=2664"}],"version-history":[{"count":61,"href":"https:\/\/www.resortvillagemajer.si\/de\/wp-json\/wp\/v2\/pages\/2664\/revisions"}],"predecessor-version":[{"id":8182,"href":"https:\/\/www.resortvillagemajer.si\/de\/wp-json\/wp\/v2\/pages\/2664\/revisions\/8182"}],"wp:attachment":[{"href":"https:\/\/www.resortvillagemajer.si\/de\/wp-json\/wp\/v2\/media?parent=2664"}],"curies":[{"name":"wp","href":"https:\/\/api.w.org\/{rel}","templated":true}]}}